{"id":728,"date":"2021-09-16T06:24:47","date_gmt":"2021-09-16T06:24:47","guid":{"rendered":"http:\/\/www.thm.ostrowiec.pl\/?page_id=728"},"modified":"2025-12-31T10:03:19","modified_gmt":"2025-12-31T10:03:19","slug":"praktyka-zawodowa","status":"publish","type":"page","link":"https:\/\/www.thm.ostrowiec.pl\/?page_id=728","title":{"rendered":"Praktyka zawodowa"},"content":{"rendered":"\t\t<div data-elementor-type=\"wp-page\" data-elementor-id=\"728\" class=\"elementor elementor-728\" data-elementor-settings=\"[]\">\n\t\t\t\t\t\t\t<div class=\"elementor-section-wrap\">\n\t\t\t\t\t\t\t<section class=\"elementor-section elementor-top-section elementor-element elementor-element-1721a58b elementor-section-height-min-height elementor-section-boxed elementor-section-height-default elementor-section-items-middle\" data-id=\"1721a58b\" data-element_type=\"section\" data-settings=\"{&quot;background_background&quot;:&quot;classic&quot;}\">\n\t\t\t\t\t\t\t<div class=\"elementor-background-overlay\"><\/div>\n\t\t\t\t\t\t\t<div class=\"elementor-container elementor-column-gap-default\">\n\t\t\t\t\t<div class=\"elementor-column elementor-col-100 elementor-top-column elementor-element elementor-element-68eba31f\" data-id=\"68eba31f\" data-element_type=\"column\">\n\t\t\t<div class=\"elementor-widget-wrap elementor-element-populated\">\n\t\t\t\t\t\t\t\t<div class=\"elementor-element elementor-element-69013a0b elementor-widget elementor-widget-heading\" data-id=\"69013a0b\" data-element_type=\"widget\" data-widget_type=\"heading.default\">\n\t\t\t\t<div class=\"elementor-widget-container\">\n\t\t\t<h2 class=\"elementor-heading-title elementor-size-small\">Praktyka zawodowa<\/h2>\t\t<\/div>\n\t\t\t\t<\/div>\n\t\t\t\t\t<\/div>\n\t\t<\/div>\n\t\t\t\t\t\t\t<\/div>\n\t\t<\/section>\n\t\t\t\t<section class=\"elementor-section elementor-top-section elementor-element elementor-element-098938b elementor-section-boxed elementor-section-height-default elementor-section-height-default\" data-id=\"098938b\" data-element_type=\"section\">\n\t\t\t\t\t\t<div class=\"elementor-container elementor-column-gap-default\">\n\t\t\t\t\t<div class=\"elementor-column elementor-col-100 elementor-top-column elementor-element elementor-element-3bfb337\" data-id=\"3bfb337\" data-element_type=\"column\">\n\t\t\t<div class=\"elementor-widget-wrap elementor-element-populated\">\n\t\t\t\t\t\t\t\t<div class=\"elementor-element elementor-element-d3be1af elementor-widget-divider--view-line elementor-widget elementor-widget-divider\" data-id=\"d3be1af\" data-element_type=\"widget\" data-widget_type=\"divider.default\">\n\t\t\t\t<div class=\"elementor-widget-container\">\n\t\t\t\t\t<div class=\"elementor-divider\">\n\t\t\t<span class=\"elementor-divider-separator\">\n\t\t\t\t\t\t<\/span>\n\t\t<\/div>\n\t\t\t\t<\/div>\n\t\t\t\t<\/div>\n\t\t\t\t\t<\/div>\n\t\t<\/div>\n\t\t\t\t\t\t\t<\/div>\n\t\t<\/section>\n\t\t\t\t<section class=\"elementor-section elementor-top-section elementor-element elementor-element-7c278b6 elementor-section-boxed elementor-section-height-default elementor-section-height-default\" data-id=\"7c278b6\" data-element_type=\"section\">\n\t\t\t\t\t\t<div class=\"elementor-container elementor-column-gap-default\">\n\t\t\t\t\t<div class=\"elementor-column elementor-col-100 elementor-top-column elementor-element elementor-element-52c570f\" data-id=\"52c570f\" data-element_type=\"column\">\n\t\t\t<div class=\"elementor-widget-wrap elementor-element-populated\">\n\t\t\t\t\t\t\t\t<div class=\"elementor-element elementor-element-d5a0ef2 elementor-widget-divider--view-line elementor-widget elementor-widget-divider\" data-id=\"d5a0ef2\" data-element_type=\"widget\" data-widget_type=\"divider.default\">\n\t\t\t\t<div class=\"elementor-widget-container\">\n\t\t\t\t\t<div class=\"elementor-divider\">\n\t\t\t<span class=\"elementor-divider-separator\">\n\t\t\t\t\t\t<\/span>\n\t\t<\/div>\n\t\t\t\t<\/div>\n\t\t\t\t<\/div>\n\t\t\t\t<div class=\"elementor-element elementor-element-29ed30d elementor-widget elementor-widget-text-editor\" data-id=\"29ed30d\" data-element_type=\"widget\" data-widget_type=\"text-editor.default\">\n\t\t\t\t<div class=\"elementor-widget-container\">\n\t\t\t\t\t\t\t<h5 style=\"text-align: center;\">Sta\u017ce zagraniczne 2025\/2026<\/h5>\t\t\t\t\t\t<\/div>\n\t\t\t\t<\/div>\n\t\t\t\t<div class=\"elementor-element elementor-element-f2f4c1b elementor-widget elementor-widget-text-editor\" data-id=\"f2f4c1b\" data-element_type=\"widget\" data-widget_type=\"text-editor.default\">\n\t\t\t\t<div class=\"elementor-widget-container\">\n\t\t\t\t\t\t\t<p>Dokumentacja uczestnictwa uczni\u00f3w Zespo\u0142u Szk\u00f3\u0142 nr 3 w Ostrowcu \u015awi\u0119tokrzyskim w sta\u017cach zawodowych w ramach Programu Erasmus + w roku szkolnym 2025\/2026<\/p><p><strong>Dokumenty dla uczni\u00f3w:<\/strong><\/p><p><a href=\"https:\/\/www.thm.ostrowiec.pl\/wp-content\/uploads\/2025\/12\/Projekt-2025_2026-Uczniowie-regulamin.pdf\">Regulamin rekrutacji i uczestnictwa<\/a><\/p><p><a href=\"https:\/\/www.thm.ostrowiec.pl\/wp-content\/uploads\/2025\/12\/Projekt-2025_2026-Zalacznik-nr-4.pdf\">O\u015bwiadczenie o braku przeciwwskaza\u0144 lekarskich (za\u0142\u0105cznik nr 4)<\/a><\/p><p><a href=\"https:\/\/www.thm.ostrowiec.pl\/wp-content\/uploads\/2025\/12\/Projekt-2025_2026-Zalacznik-nr-5.docx\">Formularz zg\u0142oszeniowy &#8211; osoba ucz\u0105ca si\u0119 (za\u0142\u0105cznik nr 5) (docx)<\/a><\/p><p><strong>Dokumenty dla kadry nauczycielskiej:<\/strong><\/p><p><a href=\"https:\/\/www.thm.ostrowiec.pl\/wp-content\/uploads\/2025\/12\/Projekt-2025_2026-Kadra-regulamin.pdf\">Regulamin uczestnictwa<\/a><\/p><p><a href=\"https:\/\/www.thm.ostrowiec.pl\/wp-content\/uploads\/2025\/12\/Projekt-2025_2026-Kadra-FORMULARZ.pdf\">Formularz zg\u0142oszeniowy<\/a><\/p>\t\t\t\t\t\t<\/div>\n\t\t\t\t<\/div>\n\t\t\t\t\t<\/div>\n\t\t<\/div>\n\t\t\t\t\t\t\t<\/div>\n\t\t<\/section>\n\t\t\t\t<section class=\"elementor-section elementor-top-section elementor-element elementor-element-3cdc738 elementor-section-boxed elementor-section-height-default elementor-section-height-default\" data-id=\"3cdc738\" data-element_type=\"section\">\n\t\t\t\t\t\t<div class=\"elementor-container elementor-column-gap-default\">\n\t\t\t\t\t<div class=\"elementor-column elementor-col-100 elementor-top-column elementor-element elementor-element-cc626a1\" data-id=\"cc626a1\" data-element_type=\"column\">\n\t\t\t<div class=\"elementor-widget-wrap elementor-element-populated\">\n\t\t\t\t\t\t\t\t<div class=\"elementor-element elementor-element-518c5bf elementor-widget-divider--view-line elementor-widget elementor-widget-divider\" data-id=\"518c5bf\" data-element_type=\"widget\" data-widget_type=\"divider.default\">\n\t\t\t\t<div class=\"elementor-widget-container\">\n\t\t\t\t\t<div class=\"elementor-divider\">\n\t\t\t<span class=\"elementor-divider-separator\">\n\t\t\t\t\t\t<\/span>\n\t\t<\/div>\n\t\t\t\t<\/div>\n\t\t\t\t<\/div>\n\t\t\t\t\t<\/div>\n\t\t<\/div>\n\t\t\t\t\t\t\t<\/div>\n\t\t<\/section>\n\t\t\t\t<section class=\"elementor-section elementor-top-section elementor-element elementor-element-97d63bd elementor-section-boxed elementor-section-height-default elementor-section-height-default\" data-id=\"97d63bd\" data-element_type=\"section\">\n\t\t\t\t\t\t<div class=\"elementor-container elementor-column-gap-default\">\n\t\t\t\t\t<div class=\"elementor-column elementor-col-50 elementor-top-column elementor-element elementor-element-b88a995\" data-id=\"b88a995\" data-element_type=\"column\">\n\t\t\t<div class=\"elementor-widget-wrap elementor-element-populated\">\n\t\t\t\t\t\t\t\t<section class=\"elementor-section elementor-inner-section elementor-element elementor-element-a35ba51 elementor-section-boxed elementor-section-height-default elementor-section-height-default elementor-invisible\" data-id=\"a35ba51\" data-element_type=\"section\" data-settings=\"{&quot;animation&quot;:&quot;fadeIn&quot;}\">\n\t\t\t\t\t\t<div class=\"elementor-container elementor-column-gap-default\">\n\t\t\t\t\t<div class=\"elementor-column elementor-col-100 elementor-inner-column elementor-element elementor-element-6f06e69\" data-id=\"6f06e69\" data-element_type=\"column\">\n\t\t\t<div class=\"elementor-widget-wrap elementor-element-populated\">\n\t\t\t\t\t\t\t\t<div class=\"elementor-element elementor-element-627fc69 elementor-widget-divider--view-line elementor-widget elementor-widget-divider\" data-id=\"627fc69\" data-element_type=\"widget\" data-widget_type=\"divider.default\">\n\t\t\t\t<div class=\"elementor-widget-container\">\n\t\t\t\t\t<div class=\"elementor-divider\">\n\t\t\t<span class=\"elementor-divider-separator\">\n\t\t\t\t\t\t<\/span>\n\t\t<\/div>\n\t\t\t\t<\/div>\n\t\t\t\t<\/div>\n\t\t\t\t<div class=\"elementor-element elementor-element-5cd4131 elementor-widget elementor-widget-text-editor\" data-id=\"5cd4131\" data-element_type=\"widget\" data-widget_type=\"text-editor.default\">\n\t\t\t\t<div class=\"elementor-widget-container\">\n\t\t\t\t\t\t\t<h5><span style=\"color: #54595f;\">Projekty &#8222;Leonardo da Vinci&#8221;<\/span><\/h5><p>Zesp\u00f3\u0142 Szk\u00f3\u0142 Nr 3 jest liderem w Polsce pod wzgl\u0119dem pozyskiwania funduszy unijnych z programu Leonardo da Vinci. Od roku 2005 nasi uczniowie uczestnicz\u0105 w wyjazdach zagranicznych na praktyki zawodowe do: Hiszpanii, Niemiec, W\u0142och i Portugalii. Na realizacj\u0119 wszystkich sta\u017cy zawodowych szko\u0142a pozyska\u0142a ponad milion euro. Wszyscy uczniowie uczestnicz\u0105cy w praktykach zagranicznych uzyskuj\u0105 dokument Europass Mobility oraz za\u015bwiadczenia z praktyk zawodowych firm europejskich.<\/p>\t\t\t\t\t\t<\/div>\n\t\t\t\t<\/div>\n\t\t\t\t\t<\/div>\n\t\t<\/div>\n\t\t\t\t\t\t\t<\/div>\n\t\t<\/section>\n\t\t\t\t\t<\/div>\n\t\t<\/div>\n\t\t\t\t<div class=\"elementor-column elementor-col-50 elementor-top-column elementor-element elementor-element-069a324\" data-id=\"069a324\" data-element_type=\"column\">\n\t\t\t<div class=\"elementor-widget-wrap elementor-element-populated\">\n\t\t\t\t\t\t\t\t<div class=\"elementor-element elementor-element-83c60c8 elementor-widget elementor-widget-image\" data-id=\"83c60c8\" data-element_type=\"widget\" data-widget_type=\"image.default\">\n\t\t\t\t<div class=\"elementor-widget-container\">\n\t\t\t\t\t\t\t\t\t\t\t\t\t\t\t<img loading=\"lazy\" decoding=\"async\" width=\"499\" height=\"445\" src=\"https:\/\/www.thm.ostrowiec.pl\/wp-content\/uploads\/2021\/09\/obraz_2021-09-19_124132.png\" class=\"attachment-full size-full\" alt=\"\" srcset=\"https:\/\/www.thm.ostrowiec.pl\/wp-content\/uploads\/2021\/09\/obraz_2021-09-19_124132.png 499w, https:\/\/www.thm.ostrowiec.pl\/wp-content\/uploads\/2021\/09\/obraz_2021-09-19_124132-300x268.png 300w\" sizes=\"(max-width: 499px) 100vw, 499px\" \/>\t\t\t\t\t\t\t\t\t\t\t\t\t\t\t<\/div>\n\t\t\t\t<\/div>\n\t\t\t\t\t<\/div>\n\t\t<\/div>\n\t\t\t\t\t\t\t<\/div>\n\t\t<\/section>\n\t\t\t\t<section class=\"elementor-section elementor-top-section elementor-element elementor-element-f33aa7d elementor-section-boxed elementor-section-height-default elementor-section-height-default\" data-id=\"f33aa7d\" data-element_type=\"section\">\n\t\t\t\t\t\t<div class=\"elementor-container elementor-column-gap-default\">\n\t\t\t\t\t<div class=\"elementor-column elementor-col-50 elementor-top-column elementor-element elementor-element-714e5c1\" data-id=\"714e5c1\" data-element_type=\"column\">\n\t\t\t<div class=\"elementor-widget-wrap elementor-element-populated\">\n\t\t\t\t\t\t\t\t<section class=\"elementor-section elementor-inner-section elementor-element elementor-element-6bc3671 elementor-section-boxed elementor-section-height-default elementor-section-height-default elementor-invisible\" data-id=\"6bc3671\" data-element_type=\"section\" data-settings=\"{&quot;animation&quot;:&quot;fadeIn&quot;}\">\n\t\t\t\t\t\t<div class=\"elementor-container elementor-column-gap-default\">\n\t\t\t\t\t<div class=\"elementor-column elementor-col-100 elementor-inner-column elementor-element elementor-element-c78b692\" data-id=\"c78b692\" data-element_type=\"column\">\n\t\t\t<div class=\"elementor-widget-wrap elementor-element-populated\">\n\t\t\t\t\t\t\t\t<div class=\"elementor-element elementor-element-e8eedd6 elementor-widget-divider--view-line elementor-widget elementor-widget-divider\" data-id=\"e8eedd6\" data-element_type=\"widget\" data-widget_type=\"divider.default\">\n\t\t\t\t<div class=\"elementor-widget-container\">\n\t\t\t\t\t<div class=\"elementor-divider\">\n\t\t\t<span class=\"elementor-divider-separator\">\n\t\t\t\t\t\t<\/span>\n\t\t<\/div>\n\t\t\t\t<\/div>\n\t\t\t\t<\/div>\n\t\t\t\t<div class=\"elementor-element elementor-element-7652b12 elementor-widget elementor-widget-text-editor\" data-id=\"7652b12\" data-element_type=\"widget\" data-widget_type=\"text-editor.default\">\n\t\t\t\t<div class=\"elementor-widget-container\">\n\t\t\t\t\t\t\t<h5><span style=\"color: #54595f;\">Czym jest Europass &#8211; Mobilno\u015b\u0107?<\/span><\/h5><p>Dokument Europass &#8211; Mobilno\u015b\u0107 s\u0142u\u017cy do potwierdzenia okres\u00f3w nauki lub szkolenia, odbywanych w innym kraju europejskim w ramach wyjazdu zorganizowanego (okre\u015blanych mianem europejskich \u015bcie\u017cek kszta\u0142cenia). Europejska \u015bcie\u017cka kszta\u0142cenia to na przyk\u0142ad:<\/p><ul><li>\u00a0praktyka zawodowa w przedsi\u0119biorstwie<\/li><li>\u00a0semestr nauki na uczelni zaliczony w ramach programu wymiany<\/li><li>\u00a0praktyka w charakterze wolontariusza w organizacji pozarz\u0105dowej<\/li><\/ul><p>Taka \u015bcie\u017cka kszta\u0142cenia monitorowana jest przez dwie organizacje partnerskie &#8211; jedn\u0105 w kraju pochodzenia i drug\u0105 w kraju przyjmuj\u0105cym. Obaj partnerzy uzgadniaj\u0105 cel, zakres i czas trwania \u015bcie\u017cki; okre\u015blaj\u0105 tak\u017ce, kto b\u0119dzie osob\u0105 odpowiedzialn\u0105 za przebieg nauki czy szkolenia w kraju przyjmuj\u0105cym. Partnerami mog\u0105 by\u0107 uczelnie wy\u017csze, szko\u0142y, plac\u00f3wki szkoleniowe, firmy, organizacje pozarz\u0105dowe, itd.<\/p>\t\t\t\t\t\t<\/div>\n\t\t\t\t<\/div>\n\t\t\t\t\t<\/div>\n\t\t<\/div>\n\t\t\t\t\t\t\t<\/div>\n\t\t<\/section>\n\t\t\t\t\t<\/div>\n\t\t<\/div>\n\t\t\t\t<div class=\"elementor-column elementor-col-50 elementor-top-column elementor-element elementor-element-c8e71c2\" data-id=\"c8e71c2\" data-element_type=\"column\">\n\t\t\t<div class=\"elementor-widget-wrap elementor-element-populated\">\n\t\t\t\t\t\t\t\t<div class=\"elementor-element elementor-element-c31d653 elementor-widget elementor-widget-image\" data-id=\"c31d653\" data-element_type=\"widget\" data-widget_type=\"image.default\">\n\t\t\t\t<div class=\"elementor-widget-container\">\n\t\t\t\t\t\t\t\t\t\t\t\t\t\t\t<img decoding=\"async\" src=\"https:\/\/www.thm.ostrowiec.pl\/wp-content\/uploads\/2021\/09\/3.jpg\" title=\"3\" alt=\"3\" \/>\t\t\t\t\t\t\t\t\t\t\t\t\t\t\t<\/div>\n\t\t\t\t<\/div>\n\t\t\t\t\t<\/div>\n\t\t<\/div>\n\t\t\t\t\t\t\t<\/div>\n\t\t<\/section>\n\t\t\t\t<section class=\"elementor-section elementor-top-section elementor-element elementor-element-1676f29 elementor-section-boxed elementor-section-height-default elementor-section-height-default\" data-id=\"1676f29\" data-element_type=\"section\">\n\t\t\t\t\t\t<div class=\"elementor-container elementor-column-gap-default\">\n\t\t\t\t\t<div class=\"elementor-column elementor-col-50 elementor-top-column elementor-element elementor-element-4631d07\" data-id=\"4631d07\" data-element_type=\"column\">\n\t\t\t<div class=\"elementor-widget-wrap elementor-element-populated\">\n\t\t\t\t\t\t\t\t<section class=\"elementor-section elementor-inner-section elementor-element elementor-element-6bbaf2e elementor-section-boxed elementor-section-height-default elementor-section-height-default elementor-invisible\" data-id=\"6bbaf2e\" data-element_type=\"section\" data-settings=\"{&quot;animation&quot;:&quot;fadeIn&quot;}\">\n\t\t\t\t\t\t<div class=\"elementor-container elementor-column-gap-default\">\n\t\t\t\t\t<div class=\"elementor-column elementor-col-100 elementor-inner-column elementor-element elementor-element-6342604\" data-id=\"6342604\" data-element_type=\"column\">\n\t\t\t<div class=\"elementor-widget-wrap elementor-element-populated\">\n\t\t\t\t\t\t\t\t<div class=\"elementor-element elementor-element-7e782b3 elementor-widget-divider--view-line elementor-widget elementor-widget-divider\" data-id=\"7e782b3\" data-element_type=\"widget\" data-widget_type=\"divider.default\">\n\t\t\t\t<div class=\"elementor-widget-container\">\n\t\t\t\t\t<div class=\"elementor-divider\">\n\t\t\t<span class=\"elementor-divider-separator\">\n\t\t\t\t\t\t<\/span>\n\t\t<\/div>\n\t\t\t\t<\/div>\n\t\t\t\t<\/div>\n\t\t\t\t<div class=\"elementor-element elementor-element-f880568 elementor-widget elementor-widget-text-editor\" data-id=\"f880568\" data-element_type=\"widget\" data-widget_type=\"text-editor.default\">\n\t\t\t\t<div class=\"elementor-widget-container\">\n\t\t\t\t\t\t\t<h5 class=\"MsoNormal\" style=\"mso-margin-top-alt: auto; mso-margin-bottom-alt: auto; line-height: normal;\"><span style=\"color: #54595f;\">Program Wiedza Edukacja Rozw\u00f3j (PO WER)\/Erasmus+<\/span><\/h5><div><p class=\"MsoNormal\" style=\"mso-margin-top-alt: auto; mso-margin-bottom-alt: auto; line-height: normal;\">Program Operacyjny Wiedza Edukacja Rozw\u00f3j (PO WER 2014-2020) to nast\u0119pca ko\u0144cz\u0105cego si\u0119 Programu Operacyjnego Kapita\u0142 Ludzki. Fundacja Rozwoju Systemu Edukacji jest jednym z beneficjent\u00f3w nowego programu. PO WER, na realizacj\u0119 kt\u00f3rego przeznaczono blisko 5 mld euro, czyli 32 procent wszystkich \u015brodk\u00f3w Europejskiego Funduszu Spo\u0142ecznego, obejmuje 5 osi priorytetowych:<\/p><ul><li class=\"MsoNormal\" style=\"mso-margin-top-alt: auto; mso-margin-bottom-alt: auto; line-height: normal;\">osoby m\u0142ode na rynku pracy (o\u015b I),<\/li><li class=\"MsoNormal\" style=\"mso-margin-top-alt: auto; mso-margin-bottom-alt: auto; line-height: normal;\">efektywne polityki publiczne dla rynku pracy, gospodarki i edukacji (o\u015b II),<\/li><li class=\"MsoNormal\" style=\"mso-margin-top-alt: auto; mso-margin-bottom-alt: auto; line-height: normal;\">szkolnictwo wy\u017csze dla gospodarki<br \/>i rozwoju (o\u015b III),<\/li><li class=\"MsoNormal\" style=\"mso-margin-top-alt: auto; mso-margin-bottom-alt: auto; line-height: normal;\">innowacje spo\u0142eczne i wsp\u00f3\u0142praca ponadnarodowa (o\u015b IV),<\/li><li class=\"MsoNormal\" style=\"mso-margin-top-alt: auto; mso-margin-bottom-alt: auto; line-height: normal;\">pomoc techniczna (o\u015b V)<\/li><\/ul><\/div><div>\u00a0<\/div>\t\t\t\t\t\t<\/div>\n\t\t\t\t<\/div>\n\t\t\t\t\t<\/div>\n\t\t<\/div>\n\t\t\t\t\t\t\t<\/div>\n\t\t<\/section>\n\t\t\t\t\t<\/div>\n\t\t<\/div>\n\t\t\t\t<div class=\"elementor-column elementor-col-50 elementor-top-column elementor-element elementor-element-e295b3a\" data-id=\"e295b3a\" data-element_type=\"column\">\n\t\t\t<div class=\"elementor-widget-wrap elementor-element-populated\">\n\t\t\t\t\t\t\t\t<div class=\"elementor-element elementor-element-c9b8eb5 elementor-widget elementor-widget-image\" data-id=\"c9b8eb5\" data-element_type=\"widget\" data-widget_type=\"image.default\">\n\t\t\t\t<div class=\"elementor-widget-container\">\n\t\t\t\t\t\t\t\t\t\t\t\t\t\t\t<img loading=\"lazy\" decoding=\"async\" width=\"550\" height=\"414\" src=\"https:\/\/www.thm.ostrowiec.pl\/wp-content\/uploads\/2021\/09\/4.jpg\" class=\"attachment-large size-large\" alt=\"\" srcset=\"https:\/\/www.thm.ostrowiec.pl\/wp-content\/uploads\/2021\/09\/4.jpg 550w, https:\/\/www.thm.ostrowiec.pl\/wp-content\/uploads\/2021\/09\/4-300x226.jpg 300w\" sizes=\"(max-width: 550px) 100vw, 550px\" \/>\t\t\t\t\t\t\t\t\t\t\t\t\t\t\t<\/div>\n\t\t\t\t<\/div>\n\t\t\t\t\t<\/div>\n\t\t<\/div>\n\t\t\t\t\t\t\t<\/div>\n\t\t<\/section>\n\t\t\t\t<section class=\"elementor-section elementor-top-section elementor-element elementor-element-737c938 elementor-section-boxed elementor-section-height-default elementor-section-height-default\" data-id=\"737c938\" data-element_type=\"section\">\n\t\t\t\t\t\t<div class=\"elementor-container elementor-column-gap-default\">\n\t\t\t\t\t<div class=\"elementor-column elementor-col-50 elementor-top-column elementor-element elementor-element-0996b9b\" data-id=\"0996b9b\" data-element_type=\"column\">\n\t\t\t<div class=\"elementor-widget-wrap elementor-element-populated\">\n\t\t\t\t\t\t\t\t<section class=\"elementor-section elementor-inner-section elementor-element elementor-element-ced59f8 elementor-section-boxed elementor-section-height-default elementor-section-height-default elementor-invisible\" data-id=\"ced59f8\" data-element_type=\"section\" data-settings=\"{&quot;animation&quot;:&quot;fadeIn&quot;}\">\n\t\t\t\t\t\t<div class=\"elementor-container elementor-column-gap-default\">\n\t\t\t\t\t<div class=\"elementor-column elementor-col-100 elementor-inner-column elementor-element elementor-element-64ecb04\" data-id=\"64ecb04\" data-element_type=\"column\">\n\t\t\t<div class=\"elementor-widget-wrap elementor-element-populated\">\n\t\t\t\t\t\t\t\t<div class=\"elementor-element elementor-element-d6fa63c elementor-widget-divider--view-line elementor-widget elementor-widget-divider\" data-id=\"d6fa63c\" data-element_type=\"widget\" data-widget_type=\"divider.default\">\n\t\t\t\t<div class=\"elementor-widget-container\">\n\t\t\t\t\t<div class=\"elementor-divider\">\n\t\t\t<span class=\"elementor-divider-separator\">\n\t\t\t\t\t\t<\/span>\n\t\t<\/div>\n\t\t\t\t<\/div>\n\t\t\t\t<\/div>\n\t\t\t\t<div class=\"elementor-element elementor-element-0b5eb91 elementor-widget elementor-widget-text-editor\" data-id=\"0b5eb91\" data-element_type=\"widget\" data-widget_type=\"text-editor.default\">\n\t\t\t\t<div class=\"elementor-widget-container\">\n\t\t\t\t\t\t\t<h5><span style=\"color: #54595f;\">Projekt &#8222;Sta\u017ce zagraniczne dla uczni\u00f3w i absolwent\u00f3w szk\u00f3\u0142 zawodowych oraz szkolenia kadry kszta\u0142cenia zawodowego&#8221;<\/span><\/h5>\n<p>Projekt jest realizowany w IV osi priorytetowej Innowacje spo\u0142eczne<br>i wsp\u00f3\u0142praca ponadnarodowa w ramach Programu Operacyjnego Wiedza Edukacja Rozw\u00f3j 2014-2020 (PO WER). W praktyce Fundacja Rozwoju Systemu Edukacji realizuj\u0105c projekt ze \u015brodk\u00f3w PO WER dofinansuje ok. 150 projekt\u00f3w, kt\u00f3re przesz\u0142y pozytywnie procedur\u0119 selekcji: ocen\u0119 formaln\u0105 i merytoryczn\u0105 w programie Erasmus+ sektor Kszta\u0142cenie<br>i Szkolenia Zawodowe, Akcja 1 &#8222;M\u0119\u017cczyzna elegancki i pachn\u0105\u0107y&#8221; w konkursie w roku 2014,<br>ale nie zosta\u0142y zaakceptowane do realizacji ze wzgl\u0119du na wyczerpanie \u015brodk\u00f3w finansowych na ten cel (lista rezerwowa).&nbsp;<\/p>\t\t\t\t\t\t<\/div>\n\t\t\t\t<\/div>\n\t\t\t\t\t<\/div>\n\t\t<\/div>\n\t\t\t\t\t\t\t<\/div>\n\t\t<\/section>\n\t\t\t\t\t<\/div>\n\t\t<\/div>\n\t\t\t\t<div class=\"elementor-column elementor-col-50 elementor-top-column elementor-element elementor-element-13facbe\" data-id=\"13facbe\" data-element_type=\"column\">\n\t\t\t<div class=\"elementor-widget-wrap elementor-element-populated\">\n\t\t\t\t\t\t\t\t<div class=\"elementor-element elementor-element-31ba4ec elementor-widget elementor-widget-image\" data-id=\"31ba4ec\" data-element_type=\"widget\" data-widget_type=\"image.default\">\n\t\t\t\t<div class=\"elementor-widget-container\">\n\t\t\t\t\t\t\t\t\t\t\t\t\t\t\t<img loading=\"lazy\" decoding=\"async\" width=\"500\" height=\"375\" src=\"https:\/\/www.thm.ostrowiec.pl\/wp-content\/uploads\/2021\/09\/5.jpg\" class=\"attachment-large size-large\" alt=\"\" srcset=\"https:\/\/www.thm.ostrowiec.pl\/wp-content\/uploads\/2021\/09\/5.jpg 500w, https:\/\/www.thm.ostrowiec.pl\/wp-content\/uploads\/2021\/09\/5-300x225.jpg 300w\" sizes=\"(max-width: 500px) 100vw, 500px\" \/>\t\t\t\t\t\t\t\t\t\t\t\t\t\t\t<\/div>\n\t\t\t\t<\/div>\n\t\t\t\t\t<\/div>\n\t\t<\/div>\n\t\t\t\t\t\t\t<\/div>\n\t\t<\/section>\n\t\t\t\t<section class=\"elementor-section elementor-top-section elementor-element elementor-element-d0b30c0 elementor-section-boxed elementor-section-height-default elementor-section-height-default\" data-id=\"d0b30c0\" data-element_type=\"section\">\n\t\t\t\t\t\t<div class=\"elementor-container elementor-column-gap-default\">\n\t\t\t\t\t<div class=\"elementor-column elementor-col-100 elementor-top-column elementor-element elementor-element-f51a461\" data-id=\"f51a461\" data-element_type=\"column\">\n\t\t\t<div class=\"elementor-widget-wrap elementor-element-populated\">\n\t\t\t\t\t\t\t\t<div class=\"elementor-element elementor-element-0646d93 elementor-widget-divider--view-line elementor-widget elementor-widget-divider\" data-id=\"0646d93\" data-element_type=\"widget\" data-widget_type=\"divider.default\">\n\t\t\t\t<div class=\"elementor-widget-container\">\n\t\t\t\t\t<div class=\"elementor-divider\">\n\t\t\t<span class=\"elementor-divider-separator\">\n\t\t\t\t\t\t<\/span>\n\t\t<\/div>\n\t\t\t\t<\/div>\n\t\t\t\t<\/div>\n\t\t\t\t\t<\/div>\n\t\t<\/div>\n\t\t\t\t\t\t\t<\/div>\n\t\t<\/section>\n\t\t\t\t\t\t<\/div>\n\t\t\t\t\t<\/div>\n\t\t","protected":false},"excerpt":{"rendered":"<p>Praktyka zawodowa Sta\u017ce zagraniczne 2025\/2026 Dokumentacja uczestnictwa uczni\u00f3w Zespo\u0142u Szk\u00f3\u0142 nr 3 w Ostrowcu \u015awi\u0119tokrzyskim w sta\u017cach zawodowych w ramach Programu Erasmus + w roku szkolnym 2025\/2026 Dokumenty dla uczni\u00f3w: Regulamin rekrutacji i uczestnictwa O\u015bwiadczenie o braku przeciwwskaza\u0144 lekarskich (za\u0142\u0105cznik nr 4) Formularz zg\u0142oszeniowy &#8211; osoba ucz\u0105ca si\u0119 (za\u0142\u0105cznik nr 5) (docx) Dokumenty dla kadry &hellip;<\/p>\n<p class=\"read-more\"> <a class=\"\" href=\"https:\/\/www.thm.ostrowiec.pl\/?page_id=728\"> <span class=\"screen-reader-text\">Praktyka zawodowa<\/span> Read More &raquo;<\/a><\/p>\n","protected":false},"author":1,"featured_media":0,"parent":0,"menu_order":0,"comment_status":"closed","ping_status":"closed","template":"","meta":{"ngg_post_thumbnail":0,"footnotes":""},"_links":{"self":[{"href":"https:\/\/www.thm.ostrowiec.pl\/index.php?rest_route=\/wp\/v2\/pages\/728"}],"collection":[{"href":"https:\/\/www.thm.ostrowiec.pl\/index.php?rest_route=\/wp\/v2\/pages"}],"about":[{"href":"https:\/\/www.thm.ostrowiec.pl\/index.php?rest_route=\/wp\/v2\/types\/page"}],"author":[{"embeddable":true,"href":"https:\/\/www.thm.ostrowiec.pl\/index.php?rest_route=\/wp\/v2\/users\/1"}],"replies":[{"embeddable":true,"href":"https:\/\/www.thm.ostrowiec.pl\/index.php?rest_route=%2Fwp%2Fv2%2Fcomments&post=728"}],"version-history":[{"count":33,"href":"https:\/\/www.thm.ostrowiec.pl\/index.php?rest_route=\/wp\/v2\/pages\/728\/revisions"}],"predecessor-version":[{"id":6202,"href":"https:\/\/www.thm.ostrowiec.pl\/index.php?rest_route=\/wp\/v2\/pages\/728\/revisions\/6202"}],"wp:attachment":[{"href":"https:\/\/www.thm.ostrowiec.pl\/index.php?rest_route=%2Fwp%2Fv2%2Fmedia&parent=728"}],"curies":[{"name":"wp","href":"https:\/\/api.w.org\/{rel}","templated":true}]}}